{"id":10192,"date":"2026-08-29T14:57:52","date_gmt":"2026-08-29T14:57:52","guid":{"rendered":"http:\/\/ggs-sunderplatz.de\/?page_id=10192"},"modified":"2026-09-03T10:08:23","modified_gmt":"2026-09-03T10:08:23","slug":"startseite-2","status":"publish","type":"page","link":"http:\/\/ggs-sunderplatz.de\/","title":{"rendered":""},"content":{"rendered":"\n<figure class=\"wp-block-image size-large has-custom-border\"><a href=\"http:\/\/ggs-sunderplatz.de\/wp-content\/uploads\/2023\/08\/IMG_20210819_092812-scaled-e1788075704182.jpg\"><img loading=\"lazy\" decoding=\"async\" width=\"1024\" height=\"335\" src=\"http:\/\/ggs-sunderplatz.de\/wp-content\/uploads\/2023\/08\/IMG_20210819_092812-scaled-e1788075704182-1024x335.jpg\" alt=\"\" class=\"has-border-color wp-image-9331\" style=\"border-color:#1677a8;border-width:8px\" srcset=\"http:\/\/ggs-sunderplatz.de\/wp-content\/uploads\/2023\/08\/IMG_20210819_092812-scaled-e1788075704182-1024x335.jpg 1024w, http:\/\/ggs-sunderplatz.de\/wp-content\/uploads\/2023\/08\/IMG_20210819_092812-scaled-e1788075704182-300x98.jpg 300w, http:\/\/ggs-sunderplatz.de\/wp-content\/uploads\/2023\/08\/IMG_20210819_092812-scaled-e1788075704182-768x251.jpg 768w, http:\/\/ggs-sunderplatz.de\/wp-content\/uploads\/2023\/08\/IMG_20210819_092812-scaled-e1788075704182-1536x502.jpg 1536w, http:\/\/ggs-sunderplatz.de\/wp-content\/uploads\/2023\/08\/IMG_20210819_092812-scaled-e1788075704182-2048x670.jpg 2048w\" sizes=\"auto, (max-width: 1024px) 100vw, 1024px\" \/><\/a><\/figure>\n\n\n\n<h2 class=\"wp-block-heading has-text-align-center has-manrope-font-family\" style=\"font-size:clamp(27.894px, 1.743rem + ((1vw - 3.2px) * 1.971), 48px);\">Herzlich Willkommen an der GGS am Sunderplatz!<\/h2>\n\n\n\n<p class=\"has-text-align-center wp-block-paragraph\" style=\"font-size:clamp(14px, 0.875rem + ((1vw - 3.2px) * 0.588), 20px);\">Sch\u00f6n, dass Sie da sind! Auf unserer Homepage finden Sie aktuelle Informationen, Termine und Wissenswertes rund um unsere Schule.<\/p>\n\n\n\n<figure class=\"wp-block-image aligncenter size-full\"><a href=\"http:\/\/ggs-sunderplatz.de\/wp-content\/uploads\/2020\/03\/image.png\"><img loading=\"lazy\" decoding=\"async\" width=\"119\" height=\"147\" src=\"http:\/\/ggs-sunderplatz.de\/wp-content\/uploads\/2020\/03\/image.png\" alt=\"\" class=\"wp-image-6584\"\/><\/a><\/figure>\n\n\n\n<div class=\"wp-block-group has-border-color has-contrast-border-color has-text-color has-background has-link-color wp-elements-1 has-global-padding is-layout-constrained wp-block-group-is-layout-constrained\" style=\"border-width:3px;border-top-left-radius:16px;border-top-right-radius:16px;border-bottom-left-radius:16px;border-bottom-right-radius:16px;color:#1677a8;background-color:#1677a8\">\n<p class=\"wp-block-paragraph\"><\/p>\n\n\n\n<h2 class=\"wp-block-heading has-text-align-center has-accent-1-color has-text-color has-link-color wp-elements-2\" style=\"font-size:clamp(17.905px, 1.119rem + ((1vw - 3.2px) * 0.99), 28px);\"><strong>\ud83d\udcdd Schulanmeldung 2026<\/strong><\/h2>\n\n\n\n<p class=\"has-text-align-center has-accent-1-color has-text-color has-link-color wp-elements-3 wp-block-paragraph\" style=\"font-size:clamp(14px, 0.875rem + ((1vw - 3.2px) * 0.588), 20px);\"><strong>14.09.\u201313.10.2026<\/strong><\/p>\n\n\n\n<p class=\"has-text-align-center has-accent-1-color has-text-color has-link-color wp-elements-4 wp-block-paragraph\" style=\"font-size:clamp(14px, 0.875rem + ((1vw - 3.2px) * 0.588), 20px);\">\ud83d\udcde Termine <mark>ab 10.09.<\/mark>  telefonisch vereinbaren:<br><strong>0208-496704<\/strong><\/p>\n\n\n\n<p class=\"has-text-align-center has-accent-1-color has-text-color has-link-color wp-elements-5 wp-block-paragraph\" style=\"font-size:clamp(15.747px, 0.984rem + ((1vw - 3.2px) * 0.809), 24px);\"><strong>\u2b50 06.10. + 07.10.: besonders viele Termine verf\u00fcgbar!<\/strong><\/p>\n\n\n\n<p class=\"has-text-align-center has-accent-1-color has-text-color has-link-color wp-elements-6 wp-block-paragraph\" style=\"font-size:clamp(14px, 0.875rem + ((1vw - 3.2px) * 0.588), 20px);\"><strong>An den \u00fcbrigen Tagen sind die Kapazit\u00e4ten begrenzt.<\/strong><\/p>\n\n\n\n<p class=\"has-text-align-center has-accent-1-color has-text-color has-link-color wp-elements-7 wp-block-paragraph\" style=\"font-size:clamp(14px, 0.875rem + ((1vw - 3.2px) * 0.588), 20px);\">Der Tag der offenen T\u00fcr findet statt am 18.09.2026 um 10.15 Uhr.<\/p>\n\n\n\n<p class=\"wp-block-paragraph\"><\/p>\n<\/div>\n\n\n\n<div class=\"wp-block-columns has-accent-5-background-color has-background is-layout-flex wp-container-core-columns-is-layout-a00b086b wp-block-columns-is-layout-flex\" style=\"padding-top:var(--wp--preset--spacing--30);padding-right:15px;padding-bottom:var(--wp--preset--spacing--30);padding-left:15px\">\n<div class=\"wp-block-column is-layout-flow wp-block-column-is-layout-flow\">\n<h3 class=\"wp-block-heading has-text-align-center has-contrast-color has-text-color has-link-color has-manrope-font-family wp-elements-8\" style=\"font-size:clamp(15.747px, 0.984rem + ((1vw - 3.2px) * 0.809), 24px);\">Aktuelles<\/h3>\n\n\n\n<p class=\"has-text-align-center has-contrast-color has-text-color has-link-color has-manrope-font-family wp-elements-9 wp-block-paragraph\" style=\"font-size:clamp(14px, 0.875rem + ((1vw - 3.2px) * 0.196), 16px);\">Neuigkeiten und aktuelle Informationen aus unserem Schulleben.<\/p>\n\n\n\n<div class=\"wp-block-buttons has-custom-font-size has-manrope-font-family is-content-justification-center is-layout-flex wp-container-core-buttons-is-layout-35f06ea7 wp-block-buttons-is-layout-flex\" style=\"font-size:clamp(14px, 0.875rem + ((1vw - 3.2px) * 0.196), 16px);\">\n<div class=\"wp-block-button\"><a class=\"wp-block-button__link has-accent-1-color has-text-color has-background has-link-color has-manrope-font-family has-text-align-center has-custom-font-size wp-element-button\" href=\"http:\/\/ggs-sunderplatz.de\/?page_id=5867\" style=\"background-color:#1677a8;font-size:clamp(14px, 0.875rem + ((1vw - 3.2px) * 0.196), 16px);\">Mehr erfahren<\/a><\/div>\n<\/div>\n<\/div>\n\n\n\n<div class=\"wp-block-column is-layout-flow wp-block-column-is-layout-flow\">\n<h3 class=\"wp-block-heading has-text-align-center has-contrast-color has-text-color has-link-color has-manrope-font-family wp-elements-10\" style=\"font-size:clamp(15.747px, 0.984rem + ((1vw - 3.2px) * 0.809), 24px);\">Termine<\/h3>\n\n\n\n<p class=\"has-text-align-center has-contrast-color has-text-color has-link-color has-manrope-font-family wp-elements-11 wp-block-paragraph\" style=\"font-size:clamp(14px, 0.875rem + ((1vw - 3.2px) * 0.196), 16px);\">Wichtige Termine, Veranstaltungen und schulische Ereignisse auf einen Blick.<\/p>\n\n\n\n<div class=\"wp-block-buttons is-content-justification-center is-layout-flex wp-container-core-buttons-is-layout-35f06ea7 wp-block-buttons-is-layout-flex\">\n<div class=\"wp-block-button\"><a class=\"wp-block-button__link has-accent-1-color has-text-color has-background has-link-color has-manrope-font-family has-text-align-center has-custom-font-size wp-element-button\" href=\"http:\/\/ggs-sunderplatz.de\/?page_id=20\" style=\"background-color:#1677a8;font-size:clamp(14px, 0.875rem + ((1vw - 3.2px) * 0.196), 16px);\">Alle Termine<\/a><\/div>\n<\/div>\n<\/div>\n<\/div>\n\n\n\n<div class=\"wp-block-columns has-accent-5-background-color has-background is-layout-flex wp-container-core-columns-is-layout-a00b086b wp-block-columns-is-layout-flex\" style=\"padding-top:var(--wp--preset--spacing--30);padding-right:15px;padding-bottom:var(--wp--preset--spacing--30);padding-left:15px\">\n<div class=\"wp-block-column is-layout-flow wp-block-column-is-layout-flow\">\n<h3 class=\"wp-block-heading has-text-align-center has-contrast-color has-text-color has-link-color has-manrope-font-family wp-elements-12\" style=\"font-size:clamp(15.747px, 0.984rem + ((1vw - 3.2px) * 0.809), 24px);\">Unsere Schule<\/h3>\n\n\n\n<p class=\"has-text-align-center has-contrast-color has-text-color has-link-color has-manrope-font-family wp-elements-13 wp-block-paragraph\" style=\"font-size:clamp(14px, 0.875rem + ((1vw - 3.2px) * 0.196), 16px);\">Lernen Sie unsere Schule und unser Team kennen. <\/p>\n\n\n\n<div class=\"wp-block-buttons is-content-justification-center is-layout-flex wp-container-core-buttons-is-layout-35f06ea7 wp-block-buttons-is-layout-flex\">\n<div class=\"wp-block-button\"><a class=\"wp-block-button__link has-accent-1-color has-text-color has-background has-link-color has-manrope-font-family has-text-align-center has-custom-font-size wp-element-button\" href=\"http:\/\/ggs-sunderplatz.de\/?page_id=470\" style=\"background-color:#1677a8;font-size:clamp(14px, 0.875rem + ((1vw - 3.2px) * 0.196), 16px);\">Unsere Schule<\/a><\/div>\n<\/div>\n<\/div>\n\n\n\n<div class=\"wp-block-column is-layout-flow wp-block-column-is-layout-flow\">\n<h3 class=\"wp-block-heading has-text-align-center has-contrast-color has-text-color has-link-color wp-elements-14\" style=\"font-size:clamp(15.747px, 0.984rem + ((1vw - 3.2px) * 0.809), 24px);\">Unsere Klassen<\/h3>\n\n\n\n<p class=\"has-text-align-center has-contrast-color has-text-color has-link-color has-manrope-font-family wp-elements-15 wp-block-paragraph\" style=\"font-size:clamp(14px, 0.875rem + ((1vw - 3.2px) * 0.196), 16px);\">Hier stellen sich unsere Klassen mit ihren Klassentieren vor.<\/p>\n\n\n\n<div class=\"wp-block-buttons is-content-justification-center is-layout-flex wp-container-core-buttons-is-layout-35f06ea7 wp-block-buttons-is-layout-flex\">\n<div class=\"wp-block-button\"><a class=\"wp-block-button__link has-accent-1-color has-text-color has-background has-link-color has-text-align-center has-custom-font-size wp-element-button\" href=\"http:\/\/ggs-sunderplatz.de\/?page_id=1635\" style=\"background-color:#1677a8;font-size:clamp(14px, 0.875rem + ((1vw - 3.2px) * 0.196), 16px);\">Zu unseren Klassen<\/a><\/div>\n<\/div>\n<\/div>\n<\/div>\n\n\n\n<h2 class=\"wp-block-heading has-contrast-color has-text-color has-link-color has-manrope-font-family wp-elements-16\" style=\"font-size:clamp(15.747px, 0.984rem + ((1vw - 3.2px) * 0.809), 24px);\">\u00d6ffnungszeiten des Sekretariats <\/h2>\n\n\n\n<div class=\"wp-block-media-text is-stacked-on-mobile\" style=\"grid-template-columns:26% auto\"><figure class=\"wp-block-media-text__media\"><img loading=\"lazy\" decoding=\"async\" width=\"1024\" height=\"768\" src=\"http:\/\/ggs-sunderplatz.de\/wp-content\/uploads\/2015\/06\/IMG_6009-1024x768.jpg\" alt=\"\" class=\"wp-image-2533 size-full\" srcset=\"http:\/\/ggs-sunderplatz.de\/wp-content\/uploads\/2015\/06\/IMG_6009-1024x768.jpg 1024w, http:\/\/ggs-sunderplatz.de\/wp-content\/uploads\/2015\/06\/IMG_6009-300x225.jpg 300w\" sizes=\"auto, (max-width: 1024px) 100vw, 1024px\" \/><\/figure><div class=\"wp-block-media-text__content\">\n<p class=\"has-contrast-color has-text-color has-link-color has-manrope-font-family wp-elements-17 wp-block-paragraph\" style=\"font-size:clamp(14px, 0.875rem + ((1vw - 3.2px) * 0.588), 20px);\"><strong>Frau Hollenberg<\/strong><\/p>\n\n\n\n<p class=\"has-contrast-color has-text-color has-link-color has-manrope-font-family wp-elements-18 wp-block-paragraph\" style=\"font-size:clamp(14px, 0.875rem + ((1vw - 3.2px) * 0.588), 20px);\">Dienstag und Donnerstag: 8.00 &#8211; 13.30 Uhr<br>jeden 2. Freitag: 8.00 &#8211; 13.30 Uhr<\/p>\n<\/div><\/div>\n\n\n\n<h2 class=\"wp-block-heading has-contrast-color has-text-color has-link-color has-manrope-font-family wp-elements-19\" style=\"font-size:clamp(15.747px, 0.984rem + ((1vw - 3.2px) * 0.809), 24px);\">Kontakt<\/h2>\n\n\n\n<figure style=\"margin-top:var(--wp--preset--spacing--30);margin-right:15px;margin-bottom:var(--wp--preset--spacing--30);margin-left:15px;font-size:clamp(14px, 0.875rem + ((1vw - 3.2px) * 0.588), 20px);\" class=\"wp-block-table has-manrope-font-family\"><table class=\"has-contrast-color has-text-color has-link-color has-fixed-layout\" style=\"border-width:1px\"><tbody><tr><td><strong>Adresse<\/strong><\/td><td>Sunderweg 90, 45472 M\u00fclheim an der Ruhr<\/td><\/tr><tr><td><strong>Telefon<\/strong><\/td><td>0208 &#8211; 49 67 04<\/td><\/tr><tr><td><strong>Fax<\/strong><\/td><td>0208 &#8211; 49 67 73<\/td><\/tr><tr><td><strong>E-Mail<\/strong><\/td><td>GGSSunderplatz@muelheim-ruhr.de<\/td><\/tr><\/tbody><\/table><\/figure>\n\n\n\n<p class=\"has-text-align-center has-text-color has-link-color has-manrope-font-family wp-elements-20 wp-block-paragraph\" style=\"color:#5f5f5f;font-size:14px\">Zuletzt aktualisiert:<\/p>\n\n\n<div style=\"color:#5f5f5f\" class=\"has-link-color wp-block-post-date__modified-date wp-elements-21 wp-block-post-date has-text-color has-manrope-font-family has-text-align-center\"><time datetime=\"2026-09-03T10:08:23+00:00\">3. September 2026<\/time><\/div>\n\n\n<div class=\"wp-block-group has-accent-4-color has-text-color has-link-color has-manrope-font-family wp-elements-22 has-global-padding is-layout-constrained wp-container-core-group-is-layout-c77ef96b wp-block-group-is-layout-constrained\" style=\"padding-top:var(--wp--preset--spacing--30);padding-right:15px;padding-bottom:var(--wp--preset--spacing--30);padding-left:15px;font-size:14px\">\n<\/div>\n\n\n\n<p class=\"wp-block-paragraph\"><\/p>\n","protected":false},"excerpt":{"rendered":"<p>Herzlich Willkommen an der GGS am Sunderplatz! Sch\u00f6n, dass Sie da sind! Auf unserer Homepage finden Sie aktuelle Informationen, Termine und Wissenswertes rund um unsere Schule. \ud83d\udcdd Schulanmeldung 2026 14.09.\u201313.10.2026 \ud83d\udcde Termine ab 10.09. telefonisch vereinbaren:0208-496704 \u2b50 06.10. + 07.10.: besonders viele Termine verf\u00fcgbar! An den \u00fcbrigen Tagen sind die Kapazit\u00e4ten begrenzt. Der Tag der [&hellip;]<\/p>\n","protected":false},"author":1,"featured_media":0,"parent":0,"menu_order":0,"comment_status":"closed","ping_status":"closed","template":"","meta":{"iawp_total_views":388,"footnotes":""},"class_list":["post-10192","page","type-page","status-publish","hentry"],"_links":{"self":[{"href":"http:\/\/ggs-sunderplatz.de\/index.php?rest_route=\/wp\/v2\/pages\/10192","targetHints":{"allow":["GET"]}}],"collection":[{"href":"http:\/\/ggs-sunderplatz.de\/index.php?rest_route=\/wp\/v2\/pages"}],"about":[{"href":"http:\/\/ggs-sunderplatz.de\/index.php?rest_route=\/wp\/v2\/types\/page"}],"author":[{"embeddable":true,"href":"http:\/\/ggs-sunderplatz.de\/index.php?rest_route=\/wp\/v2\/users\/1"}],"replies":[{"embeddable":true,"href":"http:\/\/ggs-sunderplatz.de\/index.php?rest_route=%2Fwp%2Fv2%2Fcomments&post=10192"}],"version-history":[{"count":28,"href":"http:\/\/ggs-sunderplatz.de\/index.php?rest_route=\/wp\/v2\/pages\/10192\/revisions"}],"predecessor-version":[{"id":10269,"href":"http:\/\/ggs-sunderplatz.de\/index.php?rest_route=\/wp\/v2\/pages\/10192\/revisions\/10269"}],"wp:attachment":[{"href":"http:\/\/ggs-sunderplatz.de\/index.php?rest_route=%2Fwp%2Fv2%2Fmedia&parent=10192"}],"curies":[{"name":"wp","href":"https:\/\/api.w.org\/{rel}","templated":true}]}}